{"id":493,"date":"2025-03-12T09:59:39","date_gmt":"2025-03-12T09:59:39","guid":{"rendered":"https:\/\/sonbascos.com\/historia\/"},"modified":"2025-09-12T10:14:12","modified_gmt":"2025-09-12T10:14:12","slug":"historia","status":"publish","type":"page","link":"https:\/\/sonbascos.com\/es\/historia\/","title":{"rendered":"Historia"},"content":{"rendered":"<p>[et_pb_section fb_built=\u00bb1&#8243; admin_label=\u00bbHeader\u00bb _builder_version=\u00bb4.27.4&#8243; _module_preset=\u00bbdefault\u00bb background_image=\u00bbhttps:\/\/sonbascos.com\/wp-content\/uploads\/2025\/03\/Son-bascos-montuiri.png\u00bb custom_padding=\u00bb192px||112px||false|\u00bb bottom_divider_style=\u00bbasymmetric\u00bb bottom_divider_color=\u00bb#f0e1d8&#8243; bottom_divider_height=\u00bb37px\u00bb collapsed=\u00bbon\u00bb global_colors_info=\u00bb{}\u00bb][\/et_pb_section][et_pb_section fb_built=\u00bb1&#8243; admin_label=\u00bbAbout &#038; Video\u00bb _builder_version=\u00bb4.25.1&#8243; _module_preset=\u00bbdefault\u00bb collapsed=\u00bbon\u00bb global_colors_info=\u00bb{}\u00bb][et_pb_row column_structure=\u00bb3_5,2_5&#8243; _builder_version=\u00bb4.25.1&#8243; _module_preset=\u00bbdefault\u00bb global_colors_info=\u00bb{}\u00bb][et_pb_column type=\u00bb3_5&#8243; _builder_version=\u00bb4.25.1&#8243; _module_preset=\u00bbdefault\u00bb global_colors_info=\u00bb{}\u00bb][et_pb_heading title=\u00bbLa historia de Son Basc\u00f3s\u00bb _builder_version=\u00bb4.27.4&#8243; _module_preset=\u00bb32d8c18c-53dc-4764-875b-22de89223aff\u00bb title_level=\u00bbh1&#8243; title_font=\u00bb&#8211;et_global_heading_font|700|||||||\u00bb title_text_color=\u00bb#C28865&#8243; title_font_size=\u00bb70px\u00bb custom_margin=\u00bb||10px||false|false\u00bb title_font_size_phone=\u00bb50px\u00bb locked=\u00bboff\u00bb global_colors_info=\u00bb{}\u00bb][\/et_pb_heading][et_pb_text _builder_version=\u00bb4.27.4&#8243; _module_preset=\u00bbc9e47477-61d0-4086-b27c-a51500fb0802&#8243; text_font=\u00bb&#8211;et_global_body_font||||||||\u00bb text_text_color=\u00bb#502918&#8243; global_colors_info=\u00bb{}\u00bb]<\/p>\n<p>Son Basc\u00f3s naci\u00f3 como lugar de reuni\u00f3n de un grupo de amigos hace muchos a\u00f1os. Poco a poco se fue conociendo por la zona, ya que se pod\u00edan degustar las codornices que se criaban en la propia granja. <\/p>\n<p>Poco a poco el boca a boca hizo que se fuera conociendo por toda la isla. Durante unos a\u00f1os en los que hab\u00eda bastante oferta de ocio en el pueblo era habitual tener que esperar m\u00e1s de una hora para poder tener mesa. <\/p>\n<p>Siempre ha sido un restaurante familiar, puesto en marcha por Joan Miralles y su esposa Joana Martorell y despu\u00e9s gestionado por su hija Ant\u00f2nia Miralles, siempre con la ayuda de su hermana Coloma.<\/p>\n<p>Con el tiempo Antonia ha ido introduciendo cambios adapt\u00e1ndose a la demanda ya los nuevos tiempos.  <\/p>\n<p>[\/et_pb_text][et_pb_button button_url=\u00bbhttps:\/\/www.covermanager.com\/reservation\/module_restaurant\/GUATLERES-SON-BASCOS\/spanish\u00bb button_text=\u00bbReserva mesa ahora\u00bb button_alignment=\u00bbleft\u00bb _builder_version=\u00bb4.27.4&#8243; _module_preset=\u00bbdefault\u00bb custom_button=\u00bbon\u00bb button_text_size=\u00bb18px\u00bb button_text_color=\u00bb#FFFFFF\u00bb button_bg_color=\u00bb#C28865&#8243; button_border_width=\u00bb0px\u00bb button_font=\u00bb&#8211;et_global_body_font|||on|||||\u00bb button_icon=\u00bb&#x35;||divi||400&#8243; hover_enabled=\u00bb0&#8243; global_colors_info=\u00bb{}\u00bb url_new_window=\u00bbon\u00bb sticky_enabled=\u00bb0&#8243;][\/et_pb_button][\/et_pb_column][et_pb_column type=\u00bb2_5&#8243; _builder_version=\u00bb4.25.1&#8243; _module_preset=\u00bbdefault\u00bb global_colors_info=\u00bb{}\u00bb][et_pb_image src=\u00bbhttps:\/\/sonbascos.com\/wp-content\/uploads\/2025\/03\/AMO-5-scaled.jpg\u00bb alt=\u00bbJoan-Miralles-Son-Bascos\u00bb title_text=\u00bbJoan-Miralles-Son-Bascos\u00bb align=\u00bbright\u00bb _builder_version=\u00bb4.27.4&#8243; _module_preset=\u00bbdefault\u00bb width=\u00bb96%\u00bb hover_enabled=\u00bb0&#8243; border_radii=\u00bbon|12px|12px|12px|12px\u00bb border_color_all=\u00bb#C28865&#8243; global_colors_info=\u00bb{}\u00bb box_shadow_style=\u00bbpreset6&#8243; sticky_enabled=\u00bb0&#8243;][\/et_pb_image][\/et_pb_column][\/et_pb_row][\/et_pb_section][et_pb_section fb_built=\u00bb1&#8243; _builder_version=\u00bb4.27.4&#8243; _module_preset=\u00bbdefault\u00bb background_color=\u00bb#f0e1d8&#8243; global_colors_info=\u00bb{}\u00bb][et_pb_row _builder_version=\u00bb4.27.4&#8243; _module_preset=\u00bbdefault\u00bb global_colors_info=\u00bb{}\u00bb][et_pb_column type=\u00bb4_4&#8243; _builder_version=\u00bb4.27.4&#8243; _module_preset=\u00bbdefault\u00bb global_colors_info=\u00bb{}\u00bb][et_pb_text _builder_version=\u00bb4.27.4&#8243; _module_preset=\u00bbdefault\u00bb header_2_text_align=\u00bbcenter\u00bb header_2_text_color=\u00bb#C28865&#8243; header_2_font_size=\u00bb50px\u00bb global_colors_info=\u00bb{}\u00bb]<\/p>\n<h2>La familia de Son Basc\u00f3s<\/h2>\n<p>[\/et_pb_text][\/et_pb_column][\/et_pb_row][et_pb_row column_structure=\u00bb1_3,1_3,1_3&#8243; _builder_version=\u00bb4.27.4&#8243; _module_preset=\u00bbdefault\u00bb width=\u00bb83%\u00bb max_width=\u00bb1596px\u00bb global_colors_info=\u00bb{}\u00bb][et_pb_column type=\u00bb1_3&#8243; _builder_version=\u00bb4.27.4&#8243; _module_preset=\u00bbdefault\u00bb global_colors_info=\u00bb{}\u00bb][et_pb_image src=\u00bbhttps:\/\/sonbascos.com\/wp-content\/uploads\/2025\/03\/Equip-Son-Bascos.png\u00bb alt=\u00bbEquipo-Son-Vascos\u00bb title_text=\u00bbEquipo-Son-Vascos\u00bb _builder_version=\u00bb4.27.4&#8243; _module_preset=\u00bbdefault\u00bb border_radii=\u00bbon|12px|12px|12px|12px\u00bb global_colors_info=\u00bb{}\u00bb][\/et_pb_image][\/et_pb_column][et_pb_column type=\u00bb1_3&#8243; _builder_version=\u00bb4.27.4&#8243; _module_preset=\u00bbdefault\u00bb global_colors_info=\u00bb{}\u00bb][et_pb_image src=\u00bbhttps:\/\/sonbascos.com\/wp-content\/uploads\/2025\/03\/Antonia-Miralles-Son-Bascos.png\u00bb alt=\u00bbAntonia-Miralles-Son-Bascos\u00bb title_text=\u00bbAntonia-Miralles-Son-Bascos\u00bb _builder_version=\u00bb4.27.4&#8243; _module_preset=\u00bbdefault\u00bb border_radii=\u00bbon|12px|12px|12px|12px\u00bb global_colors_info=\u00bb{}\u00bb][\/et_pb_image][\/et_pb_column][et_pb_column type=\u00bb1_3&#8243; _builder_version=\u00bb4.27.4&#8243; _module_preset=\u00bbdefault\u00bb global_colors_info=\u00bb{}\u00bb][et_pb_image src=\u00bbhttps:\/\/sonbascos.com\/wp-content\/uploads\/2025\/03\/Equip-Restaurant-Son-Bascos.png\u00bb alt=\u00bbEquipo-Restaurante-Son-Bascos\u00bb title_text=\u00bbEquipo-Restaurante-Son-Bascos\u00bb _builder_version=\u00bb4.27.4&#8243; _module_preset=\u00bbdefault\u00bb border_radii=\u00bbon|12px|12px|12px|12px\u00bb global_colors_info=\u00bb{}\u00bb][\/et_pb_image][\/et_pb_column][\/et_pb_row][\/et_pb_section][et_pb_section fb_built=\u00bb1&#8243; _builder_version=\u00bb4.27.4&#8243; _module_preset=\u00bbdefault\u00bb background_color=\u00bb#FFFFFF\u00bb global_colors_info=\u00bb{}\u00bb][et_pb_row _builder_version=\u00bb4.25.1&#8243; _module_preset=\u00bbdefault\u00bb global_colors_info=\u00bb{}\u00bb][et_pb_column type=\u00bb4_4&#8243; _builder_version=\u00bb4.25.1&#8243; _module_preset=\u00bbdefault\u00bb global_colors_info=\u00bb{}\u00bb][et_pb_video src=\u00bbhttps:\/\/sonbascos.com\/wp-content\/uploads\/2025\/03\/Historia-Son-Bascos.mov\u00bb _builder_version=\u00bb4.27.4&#8243; _module_preset=\u00bbdefault\u00bb border_radii=\u00bbon|12px|12px|12px|12px\u00bb border_color_all=\u00bb#C28865&#8243; global_colors_info=\u00bb{}\u00bb][\/et_pb_video][\/et_pb_column][\/et_pb_row][\/et_pb_section][et_pb_section fb_built=\u00bb1&#8243; _builder_version=\u00bb4.27.4&#8243; _module_preset=\u00bbdefault\u00bb border_width_bottom=\u00bb2px\u00bb border_color_bottom=\u00bb#C28865&#8243; global_colors_info=\u00bb{}\u00bb][et_pb_row column_structure=\u00bb1_4,1_4,1_2&#8243; use_custom_gutter=\u00bbon\u00bb gutter_width=\u00bb2&#8243; _builder_version=\u00bb4.27.4&#8243; _module_preset=\u00bbdefault\u00bb width=\u00bb90%\u00bb max_width=\u00bb2560%\u00bb custom_margin_tablet=\u00bb0%||||false|false\u00bb custom_margin_last_edited=\u00bboff|desktop\u00bb global_colors_info=\u00bb{}\u00bb][et_pb_column type=\u00bb1_4&#8243; _builder_version=\u00bb4.25.1&#8243; _module_preset=\u00bbdefault\u00bb global_colors_info=\u00bb{}\u00bb][et_pb_image src=\u00bbhttps:\/\/sonbascos.com\/wp-content\/uploads\/2025\/03\/Gato-Son-Bascos.png\u00bb alt=\u00bbGato-Son-Vascos\u00bb title_text=\u00bbGato-Son-Vascos\u00bb _builder_version=\u00bb4.27.4&#8243; _module_preset=\u00bbdefault\u00bb border_radii=\u00bbon|12px|12px|12px|12px\u00bb global_colors_info=\u00bb{}\u00bb][\/et_pb_image][\/et_pb_column][et_pb_column type=\u00bb1_4&#8243; _builder_version=\u00bb4.25.1&#8243; _module_preset=\u00bbdefault\u00bb global_colors_info=\u00bb{}\u00bb][et_pb_image src=\u00bbhttps:\/\/sonbascos.com\/wp-content\/uploads\/2025\/03\/Antonia-Son-Bascos.png\u00bb alt=\u00bbAntonia-Son-Bascos\u00bb title_text=\u00bbAntonia-Son-Bascos\u00bb _builder_version=\u00bb4.27.4&#8243; _module_preset=\u00bbdefault\u00bb border_radii=\u00bbon|12px|12px|12px|12px\u00bb global_colors_info=\u00bb{}\u00bb][\/et_pb_image][\/et_pb_column][et_pb_column type=\u00bb1_2&#8243; _builder_version=\u00bb4.25.1&#8243; _module_preset=\u00bbdefault\u00bb global_colors_info=\u00bb{}\u00bb][et_pb_image src=\u00bbhttps:\/\/sonbascos.com\/wp-content\/uploads\/2025\/03\/Son-Bascos-Restaurant-Guatlleres.png\u00bb alt=\u00bbSon-Bascos-Restaurant-Guatlleres\u00bb title_text=\u00bbSon-Bascos-Restaurant-Guatlleres\u00bb _builder_version=\u00bb4.27.4&#8243; _module_preset=\u00bbdefault\u00bb border_radii=\u00bbon|12px|12px|12px|12px\u00bb global_colors_info=\u00bb{}\u00bb][\/et_pb_image][\/et_pb_column][\/et_pb_row][et_pb_row column_structure=\u00bb1_4,1_2,1_4&#8243; use_custom_gutter=\u00bbon\u00bb gutter_width=\u00bb2&#8243; _builder_version=\u00bb4.27.4&#8243; _module_preset=\u00bbdefault\u00bb width=\u00bb90%\u00bb max_width=\u00bbnone\u00bb custom_margin_tablet=\u00bb0%||||false|false\u00bb custom_margin_last_edited=\u00bboff|desktop\u00bb custom_padding=\u00bb||0px||false|false\u00bb border_color_bottom=\u00bb#C28865&#8243; global_colors_info=\u00bb{}\u00bb][et_pb_column type=\u00bb1_4&#8243; _builder_version=\u00bb4.25.1&#8243; _module_preset=\u00bbdefault\u00bb global_colors_info=\u00bb{}\u00bb][et_pb_image src=\u00bbhttps:\/\/sonbascos.com\/wp-content\/uploads\/2025\/03\/Esdeveniments-Son-Bascos-1.png\u00bb alt=\u00bbEventos-Son-Vascos\u00bb title_text=\u00bbEventos-Son-Vascos\u00bb _builder_version=\u00bb4.27.4&#8243; _module_preset=\u00bbdefault\u00bb border_radii=\u00bbon|12px|12px|12px|12px\u00bb global_colors_info=\u00bb{}\u00bb][\/et_pb_image][\/et_pb_column][et_pb_column type=\u00bb1_2&#8243; _builder_version=\u00bb4.25.1&#8243; _module_preset=\u00bbdefault\u00bb global_colors_info=\u00bb{}\u00bb][et_pb_image src=\u00bbhttps:\/\/sonbascos.com\/wp-content\/uploads\/2025\/03\/Carn-torrada-Son-Bascos.png\u00bb alt=\u00bbCarne-tostada-Son-Vascos\u00bb title_text=\u00bbCarne-tostada-Son-Vascos\u00bb _builder_version=\u00bb4.27.4&#8243; _module_preset=\u00bbdefault\u00bb border_radii=\u00bbon|12px|12px|12px|12px\u00bb global_colors_info=\u00bb{}\u00bb][\/et_pb_image][\/et_pb_column][et_pb_column type=\u00bb1_4&#8243; _builder_version=\u00bb4.25.1&#8243; _module_preset=\u00bbdefault\u00bb global_colors_info=\u00bb{}\u00bb][et_pb_image src=\u00bbhttps:\/\/sonbascos.com\/wp-content\/uploads\/2025\/03\/Postres-Son-Bascos.png\u00bb alt=\u00bbPostres-Son-Basc\u00f3s\u00bb title_text=\u00bbPostres-Son-Basc\u00f3s\u00bb _builder_version=\u00bb4.27.4&#8243; _module_preset=\u00bbdefault\u00bb border_radii=\u00bbon|12px|12px|12px|12px\u00bb global_colors_info=\u00bb{}\u00bb][\/et_pb_image][\/et_pb_column][\/et_pb_row][\/et_pb_section]<\/p>\n","protected":false},"excerpt":{"rendered":"<p>Son Basc\u00f3s naci\u00f3 como lugar de reuni\u00f3n de un grupo de amigos hace muchos a\u00f1os. Poco a poco se fue conociendo por la zona, ya que se pod\u00edan degustar las codornices que se criaban en la propia granja. Poco a poco el boca a boca hizo que se fuera conociendo por toda la isla. Durante [&hellip;]<\/p>\n","protected":false},"author":1,"featured_media":0,"parent":0,"menu_order":0,"comment_status":"closed","ping_status":"closed","template":"","meta":{"_et_pb_use_builder":"on","_et_pb_old_content":"","_et_gb_content_width":"","om_disable_all_campaigns":false,"_monsterinsights_skip_tracking":false,"_monsterinsights_sitenote_active":false,"_monsterinsights_sitenote_note":"","_monsterinsights_sitenote_category":0,"footnotes":""},"class_list":["post-493","page","type-page","status-publish","hentry"],"aioseo_notices":[],"_links":{"self":[{"href":"https:\/\/sonbascos.com\/es\/wp-json\/wp\/v2\/pages\/493","targetHints":{"allow":["GET"]}}],"collection":[{"href":"https:\/\/sonbascos.com\/es\/wp-json\/wp\/v2\/pages"}],"about":[{"href":"https:\/\/sonbascos.com\/es\/wp-json\/wp\/v2\/types\/page"}],"author":[{"embeddable":true,"href":"https:\/\/sonbascos.com\/es\/wp-json\/wp\/v2\/users\/1"}],"replies":[{"embeddable":true,"href":"https:\/\/sonbascos.com\/es\/wp-json\/wp\/v2\/comments?post=493"}],"version-history":[{"count":7,"href":"https:\/\/sonbascos.com\/es\/wp-json\/wp\/v2\/pages\/493\/revisions"}],"predecessor-version":[{"id":601,"href":"https:\/\/sonbascos.com\/es\/wp-json\/wp\/v2\/pages\/493\/revisions\/601"}],"wp:attachment":[{"href":"https:\/\/sonbascos.com\/es\/wp-json\/wp\/v2\/media?parent=493"}],"curies":[{"name":"wp","href":"https:\/\/api.w.org\/{rel}","templated":true}]}}